{"id":3,"date":"2024-04-13T00:50:01","date_gmt":"2024-04-13T00:50:01","guid":{"rendered":"https:\/\/www.itwrzos.linuxpl.eu\/TRANSPORT\/?page_id=3"},"modified":"2026-06-30T12:01:29","modified_gmt":"2026-06-30T12:01:29","slug":"privacy-policy","status":"publish","type":"page","link":"https:\/\/liben.pl\/index.php\/privacy-policy\/","title":{"rendered":"Polityka Prywatno\u015bci"},"content":{"rendered":"\t\t<div data-elementor-type=\"wp-page\" data-elementor-id=\"3\" class=\"elementor elementor-3\">\n\t\t\t\t<div class=\"elementor-element elementor-element-6532fec6 e-flex e-con-boxed e-con e-parent\" data-id=\"6532fec6\" data-element_type=\"container\" data-e-type=\"container\">\n\t\t\t\t\t<div class=\"e-con-inner\">\n\t\t\t\t<div class=\"elementor-element elementor-element-6bec79f4 elementor-widget elementor-widget-text-editor\" data-id=\"6bec79f4\" data-element_type=\"widget\" data-e-type=\"widget\" data-widget_type=\"text-editor.default\">\n\t\t\t\t<div class=\"elementor-widget-container\">\n\t\t\t\t\t\t\t\t\t\n<h2 class=\"wp-block-heading\">Polityka Prywatno\u015bci\u00a0<\/h2>\n\n<p>\u00a0Serwisu liben.pl<\/p>\n\n<h2 class=\"wp-block-heading\">Postanowienia og\u00f3lne<\/h2>\n\n<p>1. Administratorem danych osobowych zbieranych za po\u015brednictwem strony internetowej \u2060liben.pl\u2060 jest Liben Logistics Sp. z o.o. z siedzib\u0105 w Warszawie, adres: ul.Bukowiecka 92\/172 03-893 Warszawa , wpisana do rejestru przedsi\u0119biorc\u00f3w Krajowego Rejestru S\u0105dowego pod numerem KRS: 0001034048, NIP: 5242970963, REGON: 525194259, zwana dalej Administratorem.<br \/>2. Kontakt z Administratorem jest mo\u017cliwy za po\u015brednictwem adresu e-mail: admin@liben.pl lub tradycyjn\u0105 drog\u0105 pocztow\u0105 na adres siedziby firmy.<br \/>3. Dane osobowe U\u017cytkownik\u00f3w s\u0105 przetwarzane zgodnie z Rozporz\u0105dzeniem Parlamentu Europejskiego i Rady (UE) 2016\/679 z dnia 27 kwietnia 2016 r. (RODO) oraz ustaw\u0105 o ochronie danych osobowych.<\/p>\n\n<h2 class=\"wp-block-heading\">Cele, podstawy prawne i okres przetwarzania danych<\/h2>\n\n<p>Twoje dane mog\u0105 by\u0107 przetwarzane w nast\u0119puj\u0105cych celach:<br \/>Obs\u0142uga zapyta\u0144 przez formularz kontaktowy \/ e-mail<br \/>Podstawa prawna: Art. 6 ust. 1 lit. f RODO (prawnie uzasadniony interes Administratora \u2013 komunikacja z U\u017cytkownikami i potencjalnymi klientami).<br \/>Okres przechowywania: Przez okres niezb\u0119dny do wyja\u015bnienia sprawy i udzielenia odpowiedzi, lub do momentu zg\u0142oszenia skutecznego sprzeciwu.<br \/>Przedstawienie oferty handlowej (w tym wycen transportowych)<br \/>Podstawa prawna: Art. 6 ust. 1 lit. b RODO (podj\u0119cie dzia\u0142a\u0144 na \u017c\u0105danie osoby, kt\u00f3rej dane dotycz\u0105, przed zawarciem umowy).<br \/>Okres przechowywania: Przez czas trwania negocjacji lub do momentu przedawnienia roszcze\u0144 z nich wynikaj\u0105cych.<br \/>Analityka i statystyka ruchu na stronie<br \/>Podstawa prawna: Art. 6 ust. 1 lit. f RODO (prawnie uzasadniony interes \u2013 optymalizacja dzia\u0142ania serwisu).<br \/>Okres przechowywania: Zgodnie z czasem \u017cywotno\u015bci poszczeg\u00f3lnych plik\u00f3w cookies (szczeg\u00f3\u0142y w sekcji Cookies).<\/p>\n\n<h2 class=\"wp-block-heading\">Odbiorcy danych<\/h2>\n\n<p>Twoje dane osobowe mog\u0105 by\u0107 przekazywane wy\u0142\u0105cznie zaufanym podmiotom zewn\u0119trznym wspieraj\u0105cym dzia\u0142anie serwisu, tj.:<br \/>Dostawcom us\u0142ug IT i hostingu strony internetowej.<br \/>Podmiotom dostarczaj\u0105cym narz\u0119dzia analityczne (np. Google Analytics).<br \/>W przypadku nawi\u0105zania wsp\u00f3\u0142pracy biznesowej \u2013 podwykonawcom, przewo\u017anikom lub partnerom logistycznym zaanga\u017cowanym w realizacj\u0119 zlecenia transportowego.<\/p>\n\n<h2 class=\"wp-block-heading\">Prawa U\u017cytkownika serwisu<\/h2>\n\n<p>W zwi\u0105zku z przetwarzaniem danych osobowych przys\u0142uguj\u0105 Ci nast\u0119puj\u0105ce prawa:<br \/>Prawo dost\u0119pu do swoich danych oraz otrzymania ich kopii.<br \/>Prawo do sprostowania (poprawiania) swoich danych.<br \/>Prawo do usuni\u0119cia danych (\u201eprawo do bycia zapomnianym\u201d) \u2013 je\u015bli nie ma innych podstaw prawnych do ich przetwarzania.<br \/>Prawo do ograniczenia przetwarzania danych.<br \/>Prawo do wniesienia sprzeciwu wobec przetwarzania danych opartego na prawnie uzasadnionym interesie.<br \/>Prawo do wniesienia skargi do Prezesa Urz\u0119du Ochrony Danych Osobowych (UODO), je\u015bli uznasz, \u017ce przetwarzanie danych narusza przepisy RODO.<\/p>\n\n<h2 class=\"wp-block-heading\">Pliki Cookies\u00a0<\/h2>\n\n<p>1. Serwis \u2060liben.pl\u2060 u\u017cywa plik\u00f3w cookies. S\u0105 to niewielkie informacje tekstowe wysy\u0142ane przez serwer i zapisywane po stronie urz\u0105dzenia U\u017cytkownika.<br \/>2. Witryna wykorzystuje dwa g\u0142\u00f3wne typy plik\u00f3w cookies:<br \/>Niezb\u0119dne: Umo\u017cliwiaj\u0105ce prawid\u0142owe dzia\u0142anie i wy\u015bwietlanie strony.<br \/>Analityczne\/Wydajno\u015bciowe: Pomagaj\u0105ce bada\u0107 ruch na stronie i zachowania u\u017cytkownik\u00f3w (np. informacje o klikni\u0119tych linkach), co pozwala nam ulepsza\u0107 struktur\u0119 serwisu.<br \/>3. Przegl\u0105darki internetowe domy\u015blnie dopuszczaj\u0105 przechowywanie plik\u00f3w cookies. W ka\u017cdej chwili mo\u017cesz zmieni\u0107 te ustawienia w menu swojej przegl\u0105darki (blokuj\u0105c lub usuwaj\u0105c ciasteczka).<\/p>\n\n<h2 class=\"wp-block-heading\">Postanowienia ko\u0144cowe<\/h2>\n\n<p>1. Podanie danych osobowych w formularzach na stronie jest dobrowolne, jednak niezb\u0119dne do udzielenia odpowiedzi na zapytanie ofertowe lub kontaktowe.<br \/>2. Dane osobowe nie b\u0119d\u0105 przetwarzane w spos\u00f3b zautomatyzowany, w tym w formie profilowania.<br \/>3. Administrator zastrzega sobie prawo do wprowadzania zmian w niniejszej Polityce Prywatno\u015bci w przypadku rozwoju technologii internetowych lub zmian w prawie. Aktualna wersja b\u0119dzie zawsze dost\u0119pna na tej podstronie<\/p>\n\n<p>\u00a0<\/p>\n\n<p>\u00a0<\/p>\n\t\t\t\t\t\t\t\t<\/div>\n\t\t\t\t<\/div>\n\t\t\t\t\t<\/div>\n\t\t\t\t<\/div>\n\t\t\t\t<\/div>\n\t\t","protected":false},"excerpt":{"rendered":"<p>Polityka Prywatno\u015bci\u00a0 \u00a0Serwisu liben.pl Postanowienia og\u00f3lne 1. Administratorem danych osobowych zbieranych za po\u015brednictwem strony internetowej \u2060liben.pl\u2060 jest Liben Logistics Sp. z o.o. z siedzib\u0105 w Warszawie, adres: ul.Bukowiecka 92\/172 03-893 Warszawa , wpisana do rejestru przedsi\u0119biorc\u00f3w Krajowego Rejestru S\u0105dowego pod numerem KRS: 0001034048, NIP: 5242970963, REGON: 525194259, zwana dalej Administratorem.2. Kontakt z Administratorem jest mo\u017cliwy [&hellip;]<\/p>\n","protected":false},"author":1,"featured_media":0,"parent":0,"menu_order":0,"comment_status":"closed","ping_status":"open","template":"","meta":{"footnotes":""},"class_list":["post-3","page","type-page","status-publish","hentry"],"blocksy_meta":[],"yoast_head":"<!-- This site is optimized with the Yoast SEO plugin v26.8 - https:\/\/yoast.com\/product\/yoast-seo-wordpress\/ -->\n<title>Polityka Prywatno\u015bci - Liben Logistics- transport krajowy i mi\u0119dzynarodowy<\/title>\n<meta name=\"robots\" content=\"index, follow, max-snippet:-1, max-image-preview:large, max-video-preview:-1\" \/>\n<link rel=\"canonical\" href=\"https:\/\/liben.pl\/index.php\/privacy-policy\/\" \/>\n<meta property=\"og:locale\" content=\"pl_PL\" \/>\n<meta property=\"og:type\" content=\"article\" \/>\n<meta property=\"og:title\" content=\"Polityka Prywatno\u015bci - Liben Logistics- transport krajowy i mi\u0119dzynarodowy\" \/>\n<meta property=\"og:description\" content=\"Polityka Prywatno\u015bci\u00a0 \u00a0Serwisu liben.pl Postanowienia og\u00f3lne 1. Administratorem danych osobowych zbieranych za po\u015brednictwem strony internetowej \u2060liben.pl\u2060 jest Liben Logistics Sp. z o.o. z siedzib\u0105 w Warszawie, adres: ul.Bukowiecka 92\/172 03-893 Warszawa , wpisana do rejestru przedsi\u0119biorc\u00f3w Krajowego Rejestru S\u0105dowego pod numerem KRS: 0001034048, NIP: 5242970963, REGON: 525194259, zwana dalej Administratorem.2. Kontakt z Administratorem jest mo\u017cliwy [&hellip;]\" \/>\n<meta property=\"og:url\" content=\"https:\/\/liben.pl\/index.php\/privacy-policy\/\" \/>\n<meta property=\"og:site_name\" content=\"Liben Logistics- transport krajowy i mi\u0119dzynarodowy\" \/>\n<meta property=\"article:modified_time\" content=\"2026-06-30T12:01:29+00:00\" \/>\n<meta name=\"twitter:card\" content=\"summary_large_image\" \/>\n<meta name=\"twitter:label1\" content=\"Szacowany czas czytania\" \/>\n\t<meta name=\"twitter:data1\" content=\"4 minuty\" \/>\n<script type=\"application\/ld+json\" class=\"yoast-schema-graph\">{\"@context\":\"https:\/\/schema.org\",\"@graph\":[{\"@type\":\"WebPage\",\"@id\":\"https:\/\/liben.pl\/index.php\/privacy-policy\/\",\"url\":\"https:\/\/liben.pl\/index.php\/privacy-policy\/\",\"name\":\"Polityka Prywatno\u015bci - Liben Logistics- transport krajowy i mi\u0119dzynarodowy\",\"isPartOf\":{\"@id\":\"https:\/\/liben.pl\/#website\"},\"datePublished\":\"2024-04-13T00:50:01+00:00\",\"dateModified\":\"2026-06-30T12:01:29+00:00\",\"breadcrumb\":{\"@id\":\"https:\/\/liben.pl\/index.php\/privacy-policy\/#breadcrumb\"},\"inLanguage\":\"pl-PL\",\"potentialAction\":[{\"@type\":\"ReadAction\",\"target\":[\"https:\/\/liben.pl\/index.php\/privacy-policy\/\"]}]},{\"@type\":\"BreadcrumbList\",\"@id\":\"https:\/\/liben.pl\/index.php\/privacy-policy\/#breadcrumb\",\"itemListElement\":[{\"@type\":\"ListItem\",\"position\":1,\"name\":\"Strona g\u0142\u00f3wna\",\"item\":\"https:\/\/liben.pl\/\"},{\"@type\":\"ListItem\",\"position\":2,\"name\":\"Polityka Prywatno\u015bci\"}]},{\"@type\":\"WebSite\",\"@id\":\"https:\/\/liben.pl\/#website\",\"url\":\"https:\/\/liben.pl\/\",\"name\":\"Liben Logistic- transport krajowy i mi\u0119dzynarodowy\",\"description\":\"Oferujemy szeroki zakres us\u0142ug transportowych i spedycyjnych, kt&oacute;re s\u0105 dostosowane do indywidualnych potrzeb naszych klient&oacute;w. Zapraszamy do wsp&oacute;\u0142pracy\",\"publisher\":{\"@id\":\"https:\/\/liben.pl\/#organization\"},\"alternateName\":\"Oferujemy szeroki zakres us\u0142ug transportowych i spedycyjnych, kt\u00f3re s\u0105 dostosowane do indywidualnych potrzeb naszych klient\u00f3w.\",\"potentialAction\":[{\"@type\":\"SearchAction\",\"target\":{\"@type\":\"EntryPoint\",\"urlTemplate\":\"https:\/\/liben.pl\/?s={search_term_string}\"},\"query-input\":{\"@type\":\"PropertyValueSpecification\",\"valueRequired\":true,\"valueName\":\"search_term_string\"}}],\"inLanguage\":\"pl-PL\"},{\"@type\":\"Organization\",\"@id\":\"https:\/\/liben.pl\/#organization\",\"name\":\"Liben Logistic- transport krajowy i mi\u0119dzynarodowy\",\"alternateName\":\"Liben Logistic\",\"url\":\"https:\/\/liben.pl\/\",\"logo\":{\"@type\":\"ImageObject\",\"inLanguage\":\"pl-PL\",\"@id\":\"https:\/\/liben.pl\/#\/schema\/logo\/image\/\",\"url\":\"https:\/\/liben.pl\/wp-content\/uploads\/2024\/04\/logo.png\",\"contentUrl\":\"https:\/\/liben.pl\/wp-content\/uploads\/2024\/04\/logo.png\",\"width\":569,\"height\":100,\"caption\":\"Liben Logistic- transport krajowy i mi\u0119dzynarodowy\"},\"image\":{\"@id\":\"https:\/\/liben.pl\/#\/schema\/logo\/image\/\"}}]}<\/script>\n<!-- \/ Yoast SEO plugin. -->","yoast_head_json":{"title":"Polityka Prywatno\u015bci - Liben Logistics- transport krajowy i mi\u0119dzynarodowy","robots":{"index":"index","follow":"follow","max-snippet":"max-snippet:-1","max-image-preview":"max-image-preview:large","max-video-preview":"max-video-preview:-1"},"canonical":"https:\/\/liben.pl\/index.php\/privacy-policy\/","og_locale":"pl_PL","og_type":"article","og_title":"Polityka Prywatno\u015bci - Liben Logistics- transport krajowy i mi\u0119dzynarodowy","og_description":"Polityka Prywatno\u015bci\u00a0 \u00a0Serwisu liben.pl Postanowienia og\u00f3lne 1. Administratorem danych osobowych zbieranych za po\u015brednictwem strony internetowej \u2060liben.pl\u2060 jest Liben Logistics Sp. z o.o. z siedzib\u0105 w Warszawie, adres: ul.Bukowiecka 92\/172 03-893 Warszawa , wpisana do rejestru przedsi\u0119biorc\u00f3w Krajowego Rejestru S\u0105dowego pod numerem KRS: 0001034048, NIP: 5242970963, REGON: 525194259, zwana dalej Administratorem.2. Kontakt z Administratorem jest mo\u017cliwy [&hellip;]","og_url":"https:\/\/liben.pl\/index.php\/privacy-policy\/","og_site_name":"Liben Logistics- transport krajowy i mi\u0119dzynarodowy","article_modified_time":"2026-06-30T12:01:29+00:00","twitter_card":"summary_large_image","twitter_misc":{"Szacowany czas czytania":"4 minuty"},"schema":{"@context":"https:\/\/schema.org","@graph":[{"@type":"WebPage","@id":"https:\/\/liben.pl\/index.php\/privacy-policy\/","url":"https:\/\/liben.pl\/index.php\/privacy-policy\/","name":"Polityka Prywatno\u015bci - Liben Logistics- transport krajowy i mi\u0119dzynarodowy","isPartOf":{"@id":"https:\/\/liben.pl\/#website"},"datePublished":"2024-04-13T00:50:01+00:00","dateModified":"2026-06-30T12:01:29+00:00","breadcrumb":{"@id":"https:\/\/liben.pl\/index.php\/privacy-policy\/#breadcrumb"},"inLanguage":"pl-PL","potentialAction":[{"@type":"ReadAction","target":["https:\/\/liben.pl\/index.php\/privacy-policy\/"]}]},{"@type":"BreadcrumbList","@id":"https:\/\/liben.pl\/index.php\/privacy-policy\/#breadcrumb","itemListElement":[{"@type":"ListItem","position":1,"name":"Strona g\u0142\u00f3wna","item":"https:\/\/liben.pl\/"},{"@type":"ListItem","position":2,"name":"Polityka Prywatno\u015bci"}]},{"@type":"WebSite","@id":"https:\/\/liben.pl\/#website","url":"https:\/\/liben.pl\/","name":"Liben Logistic- transport krajowy i mi\u0119dzynarodowy","description":"Oferujemy szeroki zakres us\u0142ug transportowych i spedycyjnych, kt&oacute;re s\u0105 dostosowane do indywidualnych potrzeb naszych klient&oacute;w. Zapraszamy do wsp&oacute;\u0142pracy","publisher":{"@id":"https:\/\/liben.pl\/#organization"},"alternateName":"Oferujemy szeroki zakres us\u0142ug transportowych i spedycyjnych, kt\u00f3re s\u0105 dostosowane do indywidualnych potrzeb naszych klient\u00f3w.","potentialAction":[{"@type":"SearchAction","target":{"@type":"EntryPoint","urlTemplate":"https:\/\/liben.pl\/?s={search_term_string}"},"query-input":{"@type":"PropertyValueSpecification","valueRequired":true,"valueName":"search_term_string"}}],"inLanguage":"pl-PL"},{"@type":"Organization","@id":"https:\/\/liben.pl\/#organization","name":"Liben Logistic- transport krajowy i mi\u0119dzynarodowy","alternateName":"Liben Logistic","url":"https:\/\/liben.pl\/","logo":{"@type":"ImageObject","inLanguage":"pl-PL","@id":"https:\/\/liben.pl\/#\/schema\/logo\/image\/","url":"https:\/\/liben.pl\/wp-content\/uploads\/2024\/04\/logo.png","contentUrl":"https:\/\/liben.pl\/wp-content\/uploads\/2024\/04\/logo.png","width":569,"height":100,"caption":"Liben Logistic- transport krajowy i mi\u0119dzynarodowy"},"image":{"@id":"https:\/\/liben.pl\/#\/schema\/logo\/image\/"}}]}},"_links":{"self":[{"href":"https:\/\/liben.pl\/index.php\/wp-json\/wp\/v2\/pages\/3","targetHints":{"allow":["GET"]}}],"collection":[{"href":"https:\/\/liben.pl\/index.php\/wp-json\/wp\/v2\/pages"}],"about":[{"href":"https:\/\/liben.pl\/index.php\/wp-json\/wp\/v2\/types\/page"}],"author":[{"embeddable":true,"href":"https:\/\/liben.pl\/index.php\/wp-json\/wp\/v2\/users\/1"}],"replies":[{"embeddable":true,"href":"https:\/\/liben.pl\/index.php\/wp-json\/wp\/v2\/comments?post=3"}],"version-history":[{"count":4,"href":"https:\/\/liben.pl\/index.php\/wp-json\/wp\/v2\/pages\/3\/revisions"}],"predecessor-version":[{"id":2436,"href":"https:\/\/liben.pl\/index.php\/wp-json\/wp\/v2\/pages\/3\/revisions\/2436"}],"wp:attachment":[{"href":"https:\/\/liben.pl\/index.php\/wp-json\/wp\/v2\/media?parent=3"}],"curies":[{"name":"wp","href":"https:\/\/api.w.org\/{rel}","templated":true}]}}