{"id":2298,"date":"2026-06-12T13:27:25","date_gmt":"2026-06-12T13:27:25","guid":{"rendered":"https:\/\/liben.pl\/?page_id=2298"},"modified":"2026-08-10T12:37:06","modified_gmt":"2026-08-10T12:37:06","slug":"wycena","status":"publish","type":"page","link":"https:\/\/liben.pl\/index.php\/wycena\/","title":{"rendered":"Wsp\u00f3\u0142praca"},"content":{"rendered":"\t\t<div data-elementor-type=\"wp-page\" data-elementor-id=\"2298\" class=\"elementor elementor-2298\">\n\t\t\t\t<div class=\"elementor-element elementor-element-e1d4789 e-flex e-con-boxed e-con e-parent\" data-id=\"e1d4789\" data-element_type=\"container\" data-e-type=\"container\">\n\t\t\t\t\t<div class=\"e-con-inner\">\n\t\t\t\t<div class=\"elementor-element elementor-element-d35ba77 elementor-widget elementor-widget-heading\" data-id=\"d35ba77\" data-element_type=\"widget\" data-e-type=\"widget\" data-widget_type=\"heading.default\">\n\t\t\t\t<div class=\"elementor-widget-container\">\n\t\t\t\t\t<h2 class=\"elementor-heading-title elementor-size-default\">Wsp\u00f3\u0142praca\n<\/h2>\t\t\t\t<\/div>\n\t\t\t\t<\/div>\n\t\t\t\t\t<\/div>\n\t\t\t\t<\/div>\n\t\t<div class=\"elementor-element elementor-element-478f079 e-flex e-con-boxed e-con e-parent\" data-id=\"478f079\" data-element_type=\"container\" data-e-type=\"container\">\n\t\t\t\t\t<div class=\"e-con-inner\">\n\t\t\t\t<div class=\"elementor-element elementor-element-4c434d9 elementor-widget elementor-widget-text-editor\" data-id=\"4c434d9\" data-element_type=\"widget\" data-e-type=\"widget\" data-widget_type=\"text-editor.default\">\n\t\t\t\t<div class=\"elementor-widget-container\">\n\t\t\t\t\t\t\t\t\t<p>Niezale\u017cnie od tego, czy szukasz partnera do sta\u0142ej obs\u0142ugi swoich \u0142adunk\u00f3w, czy potrzebujesz jednorazowego wsparcia, nasz zesp\u00f3\u0142 dostarczy Ci rozwi\u0105zanie uszyte na miar\u0119. Przeka\u017c nam sw\u00f3j \u0142adunek i przekonaj si\u0119, \u017ce z nami ka\u017cda wsp\u00f3\u0142praca jest udana<\/p>\t\t\t\t\t\t\t\t<\/div>\n\t\t\t\t<\/div>\n\t\t\t\t\t<\/div>\n\t\t\t\t<\/div>\n\t\t<div class=\"elementor-element elementor-element-d8ac6c7 e-flex e-con-boxed e-con e-parent\" data-id=\"d8ac6c7\" data-element_type=\"container\" data-e-type=\"container\">\n\t\t\t\t\t<div class=\"e-con-inner\">\n\t\t<div class=\"elementor-element elementor-element-360f7b8 e-con-full e-flex e-con e-child\" data-id=\"360f7b8\" data-element_type=\"container\" data-e-type=\"container\">\n\t\t\t\t<div class=\"elementor-element elementor-element-5b2cdec elementor-widget elementor-widget-heading\" data-id=\"5b2cdec\" data-element_type=\"widget\" data-e-type=\"widget\" data-widget_type=\"heading.default\">\n\t\t\t\t<div class=\"elementor-widget-container\">\n\t\t\t\t\t<h2 class=\"elementor-heading-title elementor-size-default\">Masz \u0141adunek ?<\/h2>\t\t\t\t<\/div>\n\t\t\t\t<\/div>\n\t\t\t\t<div class=\"elementor-element elementor-element-537bca5 elementor-widget elementor-widget-heading\" data-id=\"537bca5\" data-element_type=\"widget\" data-e-type=\"widget\" data-widget_type=\"heading.default\">\n\t\t\t\t<div class=\"elementor-widget-container\">\n\t\t\t\t\t<h2 class=\"elementor-heading-title elementor-size-default\">Oto lista naszych dost\u0119pnych Spedytor\u00f3w :<\/h2>\t\t\t\t<\/div>\n\t\t\t\t<\/div>\n\t\t\t\t<div class=\"elementor-element elementor-element-0eb9492 elementor-widget elementor-widget-text-editor\" data-id=\"0eb9492\" data-element_type=\"widget\" data-e-type=\"widget\" data-widget_type=\"text-editor.default\">\n\t\t\t\t<div class=\"elementor-widget-container\">\n\t\t\t\t\t\t\t\t\t<p><strong>Mateusz \u017buczek &#8211; CEO <a class=\"Normalize_normalize__-p4JLO Link_root__fKB0AI Link_fontStyling__PCJIcR\" title=\"mzuczek@liben.pl\" role=\"link\" href=\"mailto:mzuczek@liben.pl\" target=\"_blank\" rel=\"noopener noreferrer\">mzuczek@liben.pl<\/a> <a class=\"Normalize_normalize__-p4JLO Link_root__fKB0AI Link_fontStyling__PCJIcR\" title=\"+48 886 709 021\" role=\"link\" href=\"tel:+48 886 709 021\" target=\"_blank\" rel=\"noopener noreferrer\">+48 886 709 021<\/a><\/strong><\/p><p><strong>Maksymilian Bednarski &#8211; Team Leader <a class=\"Normalize_normalize__-p4JLO Link_root__fKB0AI Link_fontStyling__PCJIcR\" title=\"mbednarski@liben.pl\" role=\"link\" href=\"mailto:mbednarski@liben.pl\" target=\"_blank\" rel=\"noopener noreferrer\">mbednarski@liben.pl<\/a><a class=\"Normalize_normalize__-p4JLO Link_root__fKB0AI Link_fontStyling__PCJIcR\" title=\"+48 725 639 911\" role=\"link\" href=\"tel:+48 725 639 911\" target=\"_blank\" rel=\"noopener noreferrer\">+48 725 639 911<\/a><\/strong><\/p><p><strong>Marcin W\u0105sik &#8211; Spedytor Mi\u0119dzynarodowy <a class=\"Normalize_normalize__-p4JLO Link_root__fKB0AI Link_fontStyling__PCJIcR\" title=\"mwasik@liben.pl\" role=\"link\" href=\"mailto:mwasik@liben.pl\" target=\"_blank\" rel=\"noopener noreferrer\">mwasik@liben.pl<\/a> <a class=\"Normalize_normalize__-p4JLO Link_root__fKB0AI Link_fontStyling__PCJIcR\" title=\"+48 785 610 756\" role=\"link\" href=\"tel:+48 785 610 756\" target=\"_blank\" rel=\"noopener noreferrer\">+48 785 610 756<\/a><\/strong><\/p><p><strong>\u00a0\u0141ukasz Ga\u0144ko &#8211; Spedytor Mi\u0119dzynarodowy <a class=\"Normalize_normalize__-p4JLO Link_root__fKB0AI Link_fontStyling__PCJIcR\" title=\"lganko@liben.pl\" role=\"link\" href=\"mailto:lganko@liben.pl\" target=\"_blank\" rel=\"noopener noreferrer\">ganko@liben.pl<\/a> <a class=\"Normalize_normalize__-p4JLO Link_root__fKB0AI Link_fontStyling__PCJIcR\" title=\"+48 725 814 090\" role=\"link\" href=\"tel:+48 725 814 090\" target=\"_blank\" rel=\"noopener noreferrer\">+48 725 814 090<\/a><\/strong><\/p><p><strong>Bart\u0142omiej Ziemkiewicz &#8211; Spedytor Mi\u0119dzynarodowy <a class=\"Normalize_normalize__-p4JLO Link_root__fKB0AI Link_fontStyling__PCJIcR\" title=\"bziemkiewicz@liben.pl\" role=\"link\" href=\"mailto:bziemkiewicz@liben.pl\" target=\"_blank\" rel=\"noopener noreferrer\">bziemkiewicz@liben.pl<\/a> <a class=\"Normalize_normalize__-p4JLO Link_root__fKB0AI Link_fontStyling__PCJIcR\" title=\"+48 885 709 994\" role=\"link\" href=\"tel:+48 885 709 994\" target=\"_blank\" rel=\"noopener noreferrer\">+48 885 709 994<\/a>\u00a0<\/strong><\/p><p><strong>Kacper Pilzak &#8211; Spedytor Mi\u0119dzynarodowy <a class=\"Normalize_normalize__-p4JLO Link_root__fKB0AI Link_fontStyling__PCJIcR\" title=\"kpilzak@liben.pl\" role=\"link\" href=\"mailto:kpilzak@liben.pl\" target=\"_blank\" rel=\"noopener noreferrer\">kpilzak@liben.pl<\/a> <a class=\"Normalize_normalize__-p4JLO Link_root__fKB0AI Link_fontStyling__PCJIcR\" title=\"+48 725 112 163\" role=\"link\" href=\"tel:+48 725 112 163\" target=\"_blank\" rel=\"noopener noreferrer\">+48 725 112 163<\/a><\/strong><\/p><p><strong>Kacper P\u0119giel &#8211; M\u0142odszy Spedytor Mi\u0119dzynarodowy \u00a0<a class=\"Normalize_normalize__-p4JLO Link_root__fKB0AI Link_fontStyling__PCJIcR\" title=\"kpegiel@liben.pl\" role=\"link\" href=\"mailto:kpegiel@liben.pl\" target=\"_blank\" rel=\"noopener noreferrer\">kpegiel@liben.pl<\/a> <a class=\"Normalize_normalize__-p4JLO Link_root__fKB0AI Link_fontStyling__PCJIcR\" title=\"+48 724 631 549\" role=\"link\" href=\"tel:+48 724 631 549\" target=\"_blank\" rel=\"noopener noreferrer\">+48 724 631 549<\/a><\/strong><\/p>\t\t\t\t\t\t\t\t<\/div>\n\t\t\t\t<\/div>\n\t\t\t\t<\/div>\n\t\t<div class=\"elementor-element elementor-element-f554713 e-con-full e-flex e-con e-child\" data-id=\"f554713\" data-element_type=\"container\" data-e-type=\"container\">\n\t\t\t\t<div class=\"elementor-element elementor-element-a548e80 elementor-widget elementor-widget-heading\" data-id=\"a548e80\" data-element_type=\"widget\" data-e-type=\"widget\" data-widget_type=\"heading.default\">\n\t\t\t\t<div class=\"elementor-widget-container\">\n\t\t\t\t\t<h2 class=\"elementor-heading-title elementor-size-default\">Administracja<\/h2>\t\t\t\t<\/div>\n\t\t\t\t<\/div>\n\t\t\t\t<div class=\"elementor-element elementor-element-943be55 elementor-widget__width-initial elementor-widget elementor-widget-text-editor\" data-id=\"943be55\" data-element_type=\"widget\" data-e-type=\"widget\" data-widget_type=\"text-editor.default\">\n\t\t\t\t<div class=\"elementor-widget-container\">\n\t\t\t\t\t\t\t\t\t<p><strong>Stanis\u0142aw K\u0142odawski <\/strong><a class=\"Normalize_normalize__-p4JLO Link_root__fKB0AI Link_fontStyling__PCJIcR\" title=\"admin@liben.pl\" role=\"link\" href=\"mailto:admin@liben.pl\" target=\"_blank\" rel=\"noopener noreferrer\" data-testid=\"companyDataEmail\">admin@liben.pl<\/a> <a href=\"tel: +48885113001\">+48 885 113 001<\/a><\/p>\t\t\t\t\t\t\t\t<\/div>\n\t\t\t\t<\/div>\n\t\t\t\t<\/div>\n\t\t\t\t\t<\/div>\n\t\t\t\t<\/div>\n\t\t<div class=\"elementor-element elementor-element-ff8e905 e-flex e-con-boxed e-con e-parent\" data-id=\"ff8e905\" data-element_type=\"container\" data-e-type=\"container\">\n\t\t\t\t\t<div class=\"e-con-inner\">\n\t\t\t\t<div class=\"elementor-element elementor-element-9c867de elementor-widget elementor-widget-google_maps\" data-id=\"9c867de\" data-element_type=\"widget\" data-e-type=\"widget\" data-widget_type=\"google_maps.default\">\n\t\t\t\t<div class=\"elementor-widget-container\">\n\t\t\t\t\t\t\t<div class=\"elementor-custom-embed\">\n\t\t\t<iframe loading=\"lazy\"\n\t\t\t\t\tsrc=\"https:\/\/maps.google.com\/maps?q=Liben%20Logistics%20Sp%20z%20o.o.&#038;t=m&#038;z=13&#038;output=embed&#038;iwloc=near\"\n\t\t\t\t\ttitle=\"Liben Logistics Sp z o.o.\"\n\t\t\t\t\taria-label=\"Liben Logistics Sp z o.o.\"\n\t\t\t><\/iframe>\n\t\t<\/div>\n\t\t\t\t\t\t<\/div>\n\t\t\t\t<\/div>\n\t\t\t\t\t<\/div>\n\t\t\t\t<\/div>\n\t\t<div class=\"elementor-element elementor-element-670a0ff e-flex e-con-boxed e-con e-parent\" data-id=\"670a0ff\" data-element_type=\"container\" data-e-type=\"container\">\n\t\t\t\t\t<div class=\"e-con-inner\">\n\t\t\t\t\t<\/div>\n\t\t\t\t<\/div>\n\t\t\t\t<\/div>\n\t\t","protected":false},"excerpt":{"rendered":"<p>Wsp\u00f3\u0142praca Niezale\u017cnie od tego, czy szukasz partnera do sta\u0142ej obs\u0142ugi swoich \u0142adunk\u00f3w, czy potrzebujesz jednorazowego wsparcia, nasz zesp\u00f3\u0142 dostarczy Ci rozwi\u0105zanie uszyte na miar\u0119. Przeka\u017c nam sw\u00f3j \u0142adunek i przekonaj si\u0119, \u017ce z nami ka\u017cda wsp\u00f3\u0142praca jest udana Masz \u0141adunek ? Oto lista naszych dost\u0119pnych Spedytor\u00f3w : Mateusz \u017buczek &#8211; CEO mzuczek@liben.pl +48 886 709 [&hellip;]<\/p>\n","protected":false},"author":1,"featured_media":0,"parent":0,"menu_order":0,"comment_status":"closed","ping_status":"closed","template":"","meta":{"footnotes":""},"class_list":["post-2298","page","type-page","status-publish","hentry"],"blocksy_meta":[],"yoast_head":"<!-- This site is optimized with the Yoast SEO plugin v26.8 - https:\/\/yoast.com\/product\/yoast-seo-wordpress\/ -->\n<title>Wsp\u00f3\u0142praca - Liben Logistics- transport krajowy i mi\u0119dzynarodowy<\/title>\n<meta name=\"robots\" content=\"index, follow, max-snippet:-1, max-image-preview:large, max-video-preview:-1\" \/>\n<link rel=\"canonical\" href=\"https:\/\/liben.pl\/index.php\/wycena\/\" \/>\n<meta property=\"og:locale\" content=\"pl_PL\" \/>\n<meta property=\"og:type\" content=\"article\" \/>\n<meta property=\"og:title\" content=\"Wsp\u00f3\u0142praca - Liben Logistics- transport krajowy i mi\u0119dzynarodowy\" \/>\n<meta property=\"og:description\" content=\"Wsp\u00f3\u0142praca Niezale\u017cnie od tego, czy szukasz partnera do sta\u0142ej obs\u0142ugi swoich \u0142adunk\u00f3w, czy potrzebujesz jednorazowego wsparcia, nasz zesp\u00f3\u0142 dostarczy Ci rozwi\u0105zanie uszyte na miar\u0119. Przeka\u017c nam sw\u00f3j \u0142adunek i przekonaj si\u0119, \u017ce z nami ka\u017cda wsp\u00f3\u0142praca jest udana Masz \u0141adunek ? Oto lista naszych dost\u0119pnych Spedytor\u00f3w : Mateusz \u017buczek &#8211; CEO mzuczek@liben.pl +48 886 709 [&hellip;]\" \/>\n<meta property=\"og:url\" content=\"https:\/\/liben.pl\/index.php\/wycena\/\" \/>\n<meta property=\"og:site_name\" content=\"Liben Logistics- transport krajowy i mi\u0119dzynarodowy\" \/>\n<meta property=\"article:modified_time\" content=\"2026-08-10T12:37:06+00:00\" \/>\n<meta name=\"twitter:card\" content=\"summary_large_image\" \/>\n<meta name=\"twitter:label1\" content=\"Szacowany czas czytania\" \/>\n\t<meta name=\"twitter:data1\" content=\"1 minuta\" \/>\n<script type=\"application\/ld+json\" class=\"yoast-schema-graph\">{\"@context\":\"https:\/\/schema.org\",\"@graph\":[{\"@type\":\"WebPage\",\"@id\":\"https:\/\/liben.pl\/index.php\/wycena\/\",\"url\":\"https:\/\/liben.pl\/index.php\/wycena\/\",\"name\":\"Wsp\u00f3\u0142praca - Liben Logistics- transport krajowy i mi\u0119dzynarodowy\",\"isPartOf\":{\"@id\":\"https:\/\/liben.pl\/#website\"},\"datePublished\":\"2026-06-12T13:27:25+00:00\",\"dateModified\":\"2026-08-10T12:37:06+00:00\",\"breadcrumb\":{\"@id\":\"https:\/\/liben.pl\/index.php\/wycena\/#breadcrumb\"},\"inLanguage\":\"pl-PL\",\"potentialAction\":[{\"@type\":\"ReadAction\",\"target\":[\"https:\/\/liben.pl\/index.php\/wycena\/\"]}]},{\"@type\":\"BreadcrumbList\",\"@id\":\"https:\/\/liben.pl\/index.php\/wycena\/#breadcrumb\",\"itemListElement\":[{\"@type\":\"ListItem\",\"position\":1,\"name\":\"Strona g\u0142\u00f3wna\",\"item\":\"https:\/\/liben.pl\/\"},{\"@type\":\"ListItem\",\"position\":2,\"name\":\"Wsp\u00f3\u0142praca\"}]},{\"@type\":\"WebSite\",\"@id\":\"https:\/\/liben.pl\/#website\",\"url\":\"https:\/\/liben.pl\/\",\"name\":\"Liben Logistic- transport krajowy i mi\u0119dzynarodowy\",\"description\":\"Oferujemy szeroki zakres us\u0142ug transportowych i spedycyjnych, kt&oacute;re s\u0105 dostosowane do indywidualnych potrzeb naszych klient&oacute;w. Zapraszamy do wsp&oacute;\u0142pracy\",\"publisher\":{\"@id\":\"https:\/\/liben.pl\/#organization\"},\"alternateName\":\"Oferujemy szeroki zakres us\u0142ug transportowych i spedycyjnych, kt\u00f3re s\u0105 dostosowane do indywidualnych potrzeb naszych klient\u00f3w.\",\"potentialAction\":[{\"@type\":\"SearchAction\",\"target\":{\"@type\":\"EntryPoint\",\"urlTemplate\":\"https:\/\/liben.pl\/?s={search_term_string}\"},\"query-input\":{\"@type\":\"PropertyValueSpecification\",\"valueRequired\":true,\"valueName\":\"search_term_string\"}}],\"inLanguage\":\"pl-PL\"},{\"@type\":\"Organization\",\"@id\":\"https:\/\/liben.pl\/#organization\",\"name\":\"Liben Logistic- transport krajowy i mi\u0119dzynarodowy\",\"alternateName\":\"Liben Logistic\",\"url\":\"https:\/\/liben.pl\/\",\"logo\":{\"@type\":\"ImageObject\",\"inLanguage\":\"pl-PL\",\"@id\":\"https:\/\/liben.pl\/#\/schema\/logo\/image\/\",\"url\":\"https:\/\/liben.pl\/wp-content\/uploads\/2024\/04\/logo.png\",\"contentUrl\":\"https:\/\/liben.pl\/wp-content\/uploads\/2024\/04\/logo.png\",\"width\":569,\"height\":100,\"caption\":\"Liben Logistic- transport krajowy i mi\u0119dzynarodowy\"},\"image\":{\"@id\":\"https:\/\/liben.pl\/#\/schema\/logo\/image\/\"}}]}<\/script>\n<!-- \/ Yoast SEO plugin. -->","yoast_head_json":{"title":"Wsp\u00f3\u0142praca - Liben Logistics- transport krajowy i mi\u0119dzynarodowy","robots":{"index":"index","follow":"follow","max-snippet":"max-snippet:-1","max-image-preview":"max-image-preview:large","max-video-preview":"max-video-preview:-1"},"canonical":"https:\/\/liben.pl\/index.php\/wycena\/","og_locale":"pl_PL","og_type":"article","og_title":"Wsp\u00f3\u0142praca - Liben Logistics- transport krajowy i mi\u0119dzynarodowy","og_description":"Wsp\u00f3\u0142praca Niezale\u017cnie od tego, czy szukasz partnera do sta\u0142ej obs\u0142ugi swoich \u0142adunk\u00f3w, czy potrzebujesz jednorazowego wsparcia, nasz zesp\u00f3\u0142 dostarczy Ci rozwi\u0105zanie uszyte na miar\u0119. Przeka\u017c nam sw\u00f3j \u0142adunek i przekonaj si\u0119, \u017ce z nami ka\u017cda wsp\u00f3\u0142praca jest udana Masz \u0141adunek ? Oto lista naszych dost\u0119pnych Spedytor\u00f3w : Mateusz \u017buczek &#8211; CEO mzuczek@liben.pl +48 886 709 [&hellip;]","og_url":"https:\/\/liben.pl\/index.php\/wycena\/","og_site_name":"Liben Logistics- transport krajowy i mi\u0119dzynarodowy","article_modified_time":"2026-08-10T12:37:06+00:00","twitter_card":"summary_large_image","twitter_misc":{"Szacowany czas czytania":"1 minuta"},"schema":{"@context":"https:\/\/schema.org","@graph":[{"@type":"WebPage","@id":"https:\/\/liben.pl\/index.php\/wycena\/","url":"https:\/\/liben.pl\/index.php\/wycena\/","name":"Wsp\u00f3\u0142praca - Liben Logistics- transport krajowy i mi\u0119dzynarodowy","isPartOf":{"@id":"https:\/\/liben.pl\/#website"},"datePublished":"2026-06-12T13:27:25+00:00","dateModified":"2026-08-10T12:37:06+00:00","breadcrumb":{"@id":"https:\/\/liben.pl\/index.php\/wycena\/#breadcrumb"},"inLanguage":"pl-PL","potentialAction":[{"@type":"ReadAction","target":["https:\/\/liben.pl\/index.php\/wycena\/"]}]},{"@type":"BreadcrumbList","@id":"https:\/\/liben.pl\/index.php\/wycena\/#breadcrumb","itemListElement":[{"@type":"ListItem","position":1,"name":"Strona g\u0142\u00f3wna","item":"https:\/\/liben.pl\/"},{"@type":"ListItem","position":2,"name":"Wsp\u00f3\u0142praca"}]},{"@type":"WebSite","@id":"https:\/\/liben.pl\/#website","url":"https:\/\/liben.pl\/","name":"Liben Logistic- transport krajowy i mi\u0119dzynarodowy","description":"Oferujemy szeroki zakres us\u0142ug transportowych i spedycyjnych, kt&oacute;re s\u0105 dostosowane do indywidualnych potrzeb naszych klient&oacute;w. Zapraszamy do wsp&oacute;\u0142pracy","publisher":{"@id":"https:\/\/liben.pl\/#organization"},"alternateName":"Oferujemy szeroki zakres us\u0142ug transportowych i spedycyjnych, kt\u00f3re s\u0105 dostosowane do indywidualnych potrzeb naszych klient\u00f3w.","potentialAction":[{"@type":"SearchAction","target":{"@type":"EntryPoint","urlTemplate":"https:\/\/liben.pl\/?s={search_term_string}"},"query-input":{"@type":"PropertyValueSpecification","valueRequired":true,"valueName":"search_term_string"}}],"inLanguage":"pl-PL"},{"@type":"Organization","@id":"https:\/\/liben.pl\/#organization","name":"Liben Logistic- transport krajowy i mi\u0119dzynarodowy","alternateName":"Liben Logistic","url":"https:\/\/liben.pl\/","logo":{"@type":"ImageObject","inLanguage":"pl-PL","@id":"https:\/\/liben.pl\/#\/schema\/logo\/image\/","url":"https:\/\/liben.pl\/wp-content\/uploads\/2024\/04\/logo.png","contentUrl":"https:\/\/liben.pl\/wp-content\/uploads\/2024\/04\/logo.png","width":569,"height":100,"caption":"Liben Logistic- transport krajowy i mi\u0119dzynarodowy"},"image":{"@id":"https:\/\/liben.pl\/#\/schema\/logo\/image\/"}}]}},"_links":{"self":[{"href":"https:\/\/liben.pl\/index.php\/wp-json\/wp\/v2\/pages\/2298","targetHints":{"allow":["GET"]}}],"collection":[{"href":"https:\/\/liben.pl\/index.php\/wp-json\/wp\/v2\/pages"}],"about":[{"href":"https:\/\/liben.pl\/index.php\/wp-json\/wp\/v2\/types\/page"}],"author":[{"embeddable":true,"href":"https:\/\/liben.pl\/index.php\/wp-json\/wp\/v2\/users\/1"}],"replies":[{"embeddable":true,"href":"https:\/\/liben.pl\/index.php\/wp-json\/wp\/v2\/comments?post=2298"}],"version-history":[{"count":26,"href":"https:\/\/liben.pl\/index.php\/wp-json\/wp\/v2\/pages\/2298\/revisions"}],"predecessor-version":[{"id":2480,"href":"https:\/\/liben.pl\/index.php\/wp-json\/wp\/v2\/pages\/2298\/revisions\/2480"}],"wp:attachment":[{"href":"https:\/\/liben.pl\/index.php\/wp-json\/wp\/v2\/media?parent=2298"}],"curies":[{"name":"wp","href":"https:\/\/api.w.org\/{rel}","templated":true}]}}